{"id":6660,"date":"2016-04-05T09:27:24","date_gmt":"2016-04-05T07:27:24","guid":{"rendered":"http:\/\/www.reconnectivetherapy.com\/fr\/rct\/our-team"},"modified":"2024-01-11T07:44:27","modified_gmt":"2024-01-11T06:44:27","slug":"our-team","status":"publish","type":"page","link":"https:\/\/www.reconnectivetherapy.com\/fr\/rct\/our-team\/","title":{"rendered":"NOTRE \u00c9QUIPE"},"content":{"rendered":"<div class=\"wpb-content-wrapper\"><p>[vc_row][vc_column css=\u00a0\u00bb.vc_custom_1453450499130{margin-top: 30px !important;}\u00a0\u00bb][vc_column_text undefined=\u00a0\u00bb\u00a0\u00bb]<\/p>\n<h3><b class=\"b3\">Notre<\/b><b class=\"b4\">\u00a0\u00c9quipe<\/b><\/h3>\n<p>[\/vc_column_text][\/vc_column][\/vc_row][vc_row][vc_column][vc_separator height_2=\u00a0\u00bb40&Prime; height=\u00a0\u00bb24&Prime; show_border=\u00a0\u00bbyes_border\u00a0\u00bb][\/vc_column][\/vc_row][vc_row][vc_column width=\u00a0\u00bb1\/4&Prime; css=\u00a0\u00bb.vc_custom_1459842189193{margin-top: 18px !important;}\u00a0\u00bb][vc_single_image image=\u00a0\u00bb14019&Prime; img_size=\u00a0\u00bbfull\u00a0\u00bb][\/vc_column][vc_column width=\u00a0\u00bb3\/4&Prime;][vc_column_text]<strong>Kerstin Sch\u00f6n &#8211; <em>Praticienne certifi\u00e9e et formatrice<\/em><\/strong><\/p>\n<p align=\"justify\">Kerstin Schoen est n\u00e9e et a grandi en Autriche. Elle a \u00e9tudi\u00e9 diff\u00e9rentes modalit\u00e9s de gu\u00e9rison \u00e9nerg\u00e9tique et a plus de 15 d&rsquo;exp\u00e9rience dans ce domaine. Elle est la pr\u00e9sidente, la propri\u00e9taire, principale praticienne ainsi qu&rsquo;enseignante de ReConnectiveTherapy(RCT), une modalit\u00e9 de gu\u00e9rison bas\u00e9e sur une approche \u00e9nerg\u00e9tique et fond\u00e9e par Herwig Schoen.<\/p>\n<p align=\"justify\">\u00a0Kerstin a \u00e9tudi\u00e9 \u00e0 l&rsquo;universit\u00e9 \u00a0Karl-Franzens \u00e0 Graz et a poursuivi ses \u00e9tudes \u00e0 l&rsquo;universit\u00e9 de New New Mexico, USA o\u00f9 elle a obtenu son dipl\u00f4me en consultation en 2008. Les domaines principaux de ses \u00e9tudes \u00e9taient: la cr\u00e9ation consciente et en alignement avec des valeurs fondamentales, des styles de vie, la sant\u00e9 et le travail int\u00e9rieur orient\u00e9 vers un objectif. \u00a0Elle a de l&rsquo;exp\u00e9rience dans les domaines de th\u00e9rapies br\u00e8ves orient\u00e9es vers des solutions, dans le conseil spirituel et dans l&rsquo;intervention de crise, en particulier chez les enfants, adolescents et au sein des familles. Elle est \u00e9galement form\u00e9e en m\u00e9diation.<\/p>\n<p align=\"justify\">Elle a commenc\u00e9 ses \u00e9tudes approfondies en m\u00e9decine \u00e9nerg\u00e9tique en Europe en 1997.\u00a0Kerstin a d\u00e9but\u00e9 sa formation en ReConnective Therapy en 2004 et a travaill\u00e9\u00a0en tant que sp\u00e9cialiste du milieu de l\u2019enfant \u00e0 l\u2019h\u00f4pital presbyt\u00e8re d\u2019Albuquerque, New Mexico, ce qui lui a permit d&rsquo;apprendre comment relier le physique et le m\u00e9ta-physique. En 2008 elle a commenc\u00e9 \u00e0 travailler comme \u00a0praticienne certifi\u00e9e, facilitant ainsi de la gu\u00e9rison par voie d&rsquo;\u00e9nergie dans le monde entier.<\/p>\n<p align=\"justify\">Kerstin \u00e9tait vice pr\u00e9sidente de RCT depuis 2014 et\u00a0a cr\u00e9\u00e9 un curriculum de formation de la ReConnective Therapy. Elle dirige des formations et enseigne \u00ab\u00a0l&rsquo;exercice int\u00e9rieur\u00a0\u00bb en conf\u00e9rences et en sessions de groupe dans le monde entier.<\/p>\n<p align=\"justify\">Sa passion va vers le soutien et l&rsquo;\u00e9ducation, pour enseigner au sujet des possibilit\u00e9s qui r\u00e9sident en chaque personne afin de pouvoir r\u00e9aliser leur plus haut potentiel &#8212; dans le physique, l&rsquo;\u00e9motionnel et le mental. Elle vit \u00e0 pr\u00e9sent \u00e0 Langley, dans l\u2019Etat de Washington, aux Etats-Unis.<\/p>\n<p>[\/vc_column_text][\/vc_column][\/vc_row][vc_row][vc_column][vc_separator height_2=\u00a0\u00bb40&Prime; height=\u00a0\u00bb24&Prime; show_border=\u00a0\u00bbyes_border\u00a0\u00bb][\/vc_column][\/vc_row][vc_row][vc_column width=\u00a0\u00bb1\/4&Prime; css=\u00a0\u00bb.vc_custom_1459842189193{margin-top: 18px !important;}\u00a0\u00bb][vc_single_image image=\u00a0\u00bb11275&Prime;][\/vc_column][vc_column width=\u00a0\u00bb3\/4&Prime;][vc_column_text]<strong>Anne Priest \u2013\u00a0<\/strong><strong><em>Praticienne certifi\u00e9e<\/em><\/strong><\/p>\n<p>Anne Priest a \u00e9tudi\u00e9 le travail \u00e9nerg\u00e9tique depuis plus de 20 ans. Elle a particip\u00e9 \u00e0 plusieurs formations de gu\u00e9rison alternatives et a commenc\u00e9 sa formation et le travail avec la ReConnectiveTherapy \u00a0depuis 2015.<\/p>\n<p>Elle aime explorer comment les forces invisibles \u00a0influencent l&rsquo;exp\u00e9rience que nous avons de notre vie \u00e0 tous les niveaux, le physique inclut.<\/p>\n<p>Faire conna\u00eetre \u00e0 ses client ces explorations \u00e0 l&rsquo;aide de la ReConnective Therapy lui pla\u00eet \u00e9norm\u00e9ment.<\/p>\n<p>Elle travaille aussi en tant que m\u00e9decin de famille. Pour autant , son travail avec la ReConnective Therapy est compl\u00e8tement conforme aux aspects \u00e9nerg\u00e9tiques de sa formation.[\/vc_column_text][\/vc_column][\/vc_row][vc_row][vc_column][vc_separator height_2=\u00a0\u00bb40&Prime; height=\u00a0\u00bb24&Prime; show_border=\u00a0\u00bbyes_border\u00a0\u00bb][\/vc_column][\/vc_row][vc_row][vc_column width=\u00a0\u00bb1\/4&Prime; css=\u00a0\u00bb.vc_custom_1459842189193{margin-top: 18px !important;}\u00a0\u00bb][vc_single_image image=\u00a0\u00bb8375&Prime;][\/vc_column][vc_column width=\u00a0\u00bb3\/4&Prime;][vc_column_text]<strong>Kurt Dirkorte &#8211;\u00a0<em>Praticien certifi\u00e9 &#8211;\u00a0Contact pour l\u2019Allemagne, l\u2019Autriche et la Suisse<\/em><\/strong><\/p>\n<p>Kurt Dirkorte, n\u00e9 \u00e0 Munich, Allemagne, en 1951, est naturopathe et pratique depuis 1989 la m\u00e9decine naturelle traditionnelle, l\u2019ost\u00e9opathie, les constellations familiales et syst\u00e9miques et le conseil. Il est exp\u00e9riment\u00e9 dans les m\u00e9thodes de ZEN-M\u00e9ditation, Taiji et QiGong ainsi que dans diff\u00e9rentes m\u00e9thodes de psychoth\u00e9rapie.<\/p>\n<p>En 2008, il d\u00e9bute une formation de praticien de ReConnective Therapy et est depuis 2010 praticien certifi\u00e9.<\/p>\n<p>Kurt vit avec sa femme \u00e0 Seehausen au bord du Staffelsee.[\/vc_column_text][\/vc_column][\/vc_row][vc_row][vc_column][vc_separator height_2=\u00a0\u00bb40&Prime; height=\u00a0\u00bb24&Prime; show_border=\u00a0\u00bbyes_border\u00a0\u00bb][\/vc_column][\/vc_row][vc_row][vc_column width=\u00a0\u00bb1\/4&Prime; css=\u00a0\u00bb.vc_custom_1459842189193{margin-top: 18px !important;}\u00a0\u00bb][vc_single_image image=\u00a0\u00bb8377&Prime;][\/vc_column][vc_column width=\u00a0\u00bb3\/4&Prime;][vc_column_text]<strong>Karin Dirkorte &#8211;<em> <strong><em>Praticienne certifi\u00e9e &#8211;\u00a0<\/em><\/strong>Contact pour l\u2019Allemagne, l\u2019Autriche et la Suisse<\/em><\/strong><\/p>\n<p align=\"justify\">Karin Dirkorte, n\u00e9e en 1957 \u00e0 Heidelberg, en Allemagne, est naturopathe licenci\u00e9e depuis 1998. Elle concentre son attention sur la psychoth\u00e9rapie et le conseil syst\u00e9mique de la famille. Elle a suivi diff\u00e9rentes formations sur les m\u00e9thodes de psychoth\u00e9rapie humaniste (depuis 1989) et th\u00e9rapie familiale (depuis 1998). Elle a une longue exp\u00e9rience en m\u00e9ditation. Le mouvement de l\u2019esprit a toujours \u00e9t\u00e9 son axe principal d\u2019int\u00e9r\u00eat.<\/p>\n<p align=\"justify\">Elle d\u00e9bute sa formation de praticienne en ReConnective Therapy en 2008 et est depuis 2010 praticienne certifi\u00e9e.<\/p>\n<p align=\"justify\">Karin vit avec son mari \u00e0 Seehausen au bord du Staffelsee.<\/p>\n<p>[\/vc_column_text][\/vc_column][\/vc_row][vc_row][vc_column][vc_separator height_2=\u00a0\u00bb40&Prime; height=\u00a0\u00bb24&Prime; show_border=\u00a0\u00bbyes_border\u00a0\u00bb][\/vc_column][\/vc_row][vc_row][vc_column width=\u00a0\u00bb1\/4&Prime; css=\u00a0\u00bb.vc_custom_1459842189193{margin-top: 18px !important;}\u00a0\u00bb][vc_single_image image=\u00a0\u00bb11709&Prime;][\/vc_column][vc_column width=\u00a0\u00bb3\/4&Prime;][vc_column_text]<strong>Dorothea\u00a0Dirkorte &#8211;<em> <strong><em>Praticienne certifi\u00e9e &#8211;\u00a0<\/em><\/strong>Contact pour l\u2019Allemagne, l\u2019Autriche et la Suisse<\/em><\/strong><\/p>\n<p><span lang=\"FR\">Dorothea Dirkorte est n\u00e9e \u00e0 Murnau au bord du Staffelsee.<br \/>\nEn 2012 elle termine ses \u00e9tudes d\u2019\u00e9ducatrice sp\u00e9cialis\u00e9e avec un dipl\u00f4me reconnu par l\u2019\u00c9tat. D\u00e8s lors, elle accompagne des personnes avec handicap.<br \/>\nEn 2008 Dorothea entre la premi\u00e8re fois en contact avec la ReConnective Therapy. Les exp\u00e9riences qu\u2019elle a pu faire avec cette m\u00e9thode, le travail conscient et la m\u00e9ditation, enrichissent sa vie depuis ce moment-l\u00e0. Elle d\u00e9bute sa formation en ReConnective Therapy en 2018 et souhaite accompagner des humains et des animaux dans leur processus de gu\u00e9rison.<br \/>\n<\/span><span lang=\"FR\"><br \/>\nD\u2019\u00eatre sur le chemin de la transformation lui procure beaucoup de joie.<\/span>[\/vc_column_text][\/vc_column][\/vc_row][vc_row][vc_column][vc_separator height_2=\u00a0\u00bb40&Prime; height=\u00a0\u00bb24&Prime; show_border=\u00a0\u00bbyes_border\u00a0\u00bb][\/vc_column][\/vc_row][vc_row][vc_column width=\u00a0\u00bb1\/4&Prime; css=\u00a0\u00bb.vc_custom_1459842189193{margin-top: 18px !important;}\u00a0\u00bb][vc_single_image image=\u00a0\u00bb6480&Prime;][\/vc_column][vc_column width=\u00a0\u00bb3\/4&Prime;][vc_column_text]<strong>Silke Maier \u2013 praticienne certifi\u00e9e et contact pour la France <\/strong><\/p>\n<p>Silke Maier est n\u00e9e et a grandi en Allemagne. En France depuis 1986, elle a travaill\u00e9 plusieurs ann\u00e9es dans le domaine du spectacle puis s&rsquo;est tourn\u00e9e vers l&rsquo;enseignement du mouvement : cours de danse, travail corporel et \u00e9ducation somatique.<\/p>\n<p>Initialement th\u00e9rapeute de danse en \u00ab\u00a0art th\u00e9rapie\u00a0\u00bb, elle a suivi la formation de la m\u00e9thode Feldenkrais et a obtenu le dipl\u00f4me international ainsi qu&rsquo;un Master dans la m\u00eame discipline. Depuis 2005, elle se forme dans la ReConnective Therapy, qu&rsquo;elle pratique depuis 2008 en tant que praticienne certifi\u00e9e.[\/vc_column_text][\/vc_column][\/vc_row][vc_row][vc_column][vc_separator height_2=\u00a0\u00bb40&Prime; height=\u00a0\u00bb24&Prime; show_border=\u00a0\u00bbyes_border\u00a0\u00bb][\/vc_column][\/vc_row][vc_row][vc_column width=\u00a0\u00bb1\/4&Prime; css=\u00a0\u00bb.vc_custom_1459842189193{margin-top: 18px !important;}\u00a0\u00bb][vc_single_image image=\u00a0\u00bb6482&Prime;][\/vc_column][vc_column width=\u00a0\u00bb3\/4&Prime;][vc_column_text]<strong>TraceyJoy Miller &#8211; Directrice <\/strong><\/p>\n<p>TraceyJoy Miller est n\u00e9e et a grandi dans le Wisconsin. Sa pratique de gu\u00e9rison s\u2019appuie sur les principes d\u2019une m\u00e9thode appel\u00e9e \u00ab\u00a0Ethics Based Spiritual Healing\u00a0\u00bb, sur la th\u00e9rapie cranio-sacr\u00e9e, la m\u00e9thode Wallace et Sat Nam Rasayan.<\/p>\n<p>Elle a d\u2019abord \u00e9t\u00e9 une patiente de Reconnective Therapy en 2006 avant de d\u00e9buter une formation de praticien en 2009.<\/p>\n<p>TraceyJoy est aussi dirigeante d\u2019un mouvement d\u2019interaction et d\u2019improvisation. Elle et son chat Simon habitent \u00e0 South Whidbey Island, au mode de vie rural et \u00e0 la communaut\u00e9 progressive.[\/vc_column_text][\/vc_column][\/vc_row][vc_row][vc_column][vc_separator height_2=\u00a0\u00bb40&Prime; height=\u00a0\u00bb24&Prime; show_border=\u00a0\u00bbyes_border\u00a0\u00bb][\/vc_column][\/vc_row][vc_row][vc_column width=\u00a0\u00bb1\/4&Prime; css=\u00a0\u00bb.vc_custom_1459842189193{margin-top: 18px !important;}\u00a0\u00bb][vc_single_image image=\u00a0\u00bb6484&Prime;][\/vc_column][vc_column width=\u00a0\u00bb3\/4&Prime;][vc_column_text]<strong>Saron Adamsky- assistante de bureau<\/strong><\/p>\n<p>Sharon Adamsky est n\u00e9e et a grandit aux \u00c9tats-Unis dans le Massachusetts. Elle a fait la connaissance de la ReConnectiveTherapy en tant que cliente en 2008 et a commenc\u00e9 sa formation en 2011.<\/p>\n<p>Elle aime appliquer ce qu&rsquo;elle a appris en tant que cliente puis \u00e9tudiante afin d\u2019\u00eatre cr\u00e9atrice de sa propre vie.[\/vc_column_text][\/vc_column][\/vc_row][vc_row][vc_column][vc_separator height_2=\u00a0\u00bb40&Prime; height=\u00a0\u00bb24&Prime; show_border=\u00a0\u00bbyes_border\u00a0\u00bb][\/vc_column][\/vc_row]<\/p>\n<\/div>","protected":false},"excerpt":{"rendered":"<p>[vc_row][vc_column css=\u00a0\u00bb.vc_custom_1453450499130{margin-top: 30px !important;}\u00a0\u00bb][vc_column_text undefined=\u00a0\u00bb\u00a0\u00bb] Notre\u00a0\u00c9quipe [\/vc_column_text][\/vc_column][\/vc_row][vc_row][vc_column][vc_separator height_2=\u00a0\u00bb40&Prime; height=\u00a0\u00bb24&Prime; show_border=\u00a0\u00bbyes_border\u00a0\u00bb][\/vc_column][\/vc_row][vc_row][vc_column width=\u00a0\u00bb1\/4&Prime; css=\u00a0\u00bb.vc_custom_1459842189193{margin-top: 18px !important;}\u00a0\u00bb][vc_single_image image=\u00a0\u00bb14019&Prime; img_size=\u00a0\u00bbfull\u00a0\u00bb][\/vc_column][vc_column width=\u00a0\u00bb3\/4&Prime;][vc_column_text]Kerstin Sch\u00f6n &#8211; Praticienne certifi\u00e9e et formatrice Kerstin Schoen est<span class=\"excerpt-hellip\"> [\u2026]<\/span><\/p>\n","protected":false},"author":10,"featured_media":0,"parent":6595,"menu_order":1,"comment_status":"closed","ping_status":"closed","template":"","meta":{"footnotes":""},"class_list":["post-6660","page","type-page","status-publish","hentry"],"yoast_head":"<!-- This site is optimized with the Yoast SEO plugin v27.5 - https:\/\/yoast.com\/product\/yoast-seo-wordpress\/ -->\n<title>NOTRE \u00c9QUIPE - Reconnective Therapy<\/title>\n<meta name=\"description\" content=\"NOTRE \u00c9QUIPE RCT - Reconnective Therapy | Herwig und Kerstin Sch\u00f6n. Jeder von uns tr\u00e4gt das Wissen \u00fcber perfektes Wohlbefinden in sich.\" \/>\n<meta name=\"robots\" content=\"index, follow, max-snippet:-1, max-image-preview:large, max-video-preview:-1\" \/>\n<link rel=\"canonical\" href=\"https:\/\/www.reconnectivetherapy.com\/fr\/rct\/our-team\/\" \/>\n<meta property=\"og:locale\" content=\"fr_FR\" \/>\n<meta property=\"og:type\" content=\"article\" \/>\n<meta property=\"og:title\" content=\"NOTRE \u00c9QUIPE - Reconnective Therapy\" \/>\n<meta property=\"og:description\" content=\"NOTRE \u00c9QUIPE RCT - Reconnective Therapy | Herwig und Kerstin Sch\u00f6n. Jeder von uns tr\u00e4gt das Wissen \u00fcber perfektes Wohlbefinden in sich.\" \/>\n<meta property=\"og:url\" content=\"https:\/\/www.reconnectivetherapy.com\/fr\/rct\/our-team\/\" \/>\n<meta property=\"og:site_name\" content=\"RCT - Reconnective Therapy | Kerstin Sch\u00f6n\" \/>\n<meta property=\"article:modified_time\" content=\"2024-01-11T06:44:27+00:00\" \/>\n<meta name=\"twitter:label1\" content=\"Dur\u00e9e de lecture estim\u00e9e\" \/>\n\t<meta name=\"twitter:data1\" content=\"5 minutes\" \/>\n<script type=\"application\/ld+json\" class=\"yoast-schema-graph\">{\"@context\":\"https:\\\/\\\/schema.org\",\"@graph\":[{\"@type\":\"WebPage\",\"@id\":\"https:\\\/\\\/www.reconnectivetherapy.com\\\/fr\\\/rct\\\/our-team\\\/\",\"url\":\"https:\\\/\\\/www.reconnectivetherapy.com\\\/fr\\\/rct\\\/our-team\\\/\",\"name\":\"NOTRE \u00c9QUIPE - Reconnective Therapy\",\"isPartOf\":{\"@id\":\"https:\\\/\\\/www.reconnectivetherapy.com\\\/#website\"},\"datePublished\":\"2016-04-05T07:27:24+00:00\",\"dateModified\":\"2024-01-11T06:44:27+00:00\",\"description\":\"NOTRE \u00c9QUIPE RCT - Reconnective Therapy | Herwig und Kerstin Sch\u00f6n. Jeder von uns tr\u00e4gt das Wissen \u00fcber perfektes Wohlbefinden in sich.\",\"breadcrumb\":{\"@id\":\"https:\\\/\\\/www.reconnectivetherapy.com\\\/fr\\\/rct\\\/our-team\\\/#breadcrumb\"},\"inLanguage\":\"fr-FR\",\"potentialAction\":[{\"@type\":\"ReadAction\",\"target\":[\"https:\\\/\\\/www.reconnectivetherapy.com\\\/fr\\\/rct\\\/our-team\\\/\"]}]},{\"@type\":\"BreadcrumbList\",\"@id\":\"https:\\\/\\\/www.reconnectivetherapy.com\\\/fr\\\/rct\\\/our-team\\\/#breadcrumb\",\"itemListElement\":[{\"@type\":\"ListItem\",\"position\":1,\"name\":\"Accueil\",\"item\":\"https:\\\/\\\/www.reconnectivetherapy.com\\\/fr\\\/\"},{\"@type\":\"ListItem\",\"position\":2,\"name\":\"Gu\u00e9rison et formation\",\"item\":\"https:\\\/\\\/www.reconnectivetherapy.com\\\/healing\\\/\"},{\"@type\":\"ListItem\",\"position\":3,\"name\":\"NOTRE \u00c9QUIPE\"}]},{\"@type\":\"WebSite\",\"@id\":\"https:\\\/\\\/www.reconnectivetherapy.com\\\/#website\",\"url\":\"https:\\\/\\\/www.reconnectivetherapy.com\\\/\",\"name\":\"RCT - Reconnective Therapy | Kerstin Sch\u00f6n\",\"description\":\"RCT - Reconnective Therapy | Kerstin Sch\u00f6n\",\"potentialAction\":[{\"@type\":\"SearchAction\",\"target\":{\"@type\":\"EntryPoint\",\"urlTemplate\":\"https:\\\/\\\/www.reconnectivetherapy.com\\\/?s={search_term_string}\"},\"query-input\":{\"@type\":\"PropertyValueSpecification\",\"valueRequired\":true,\"valueName\":\"search_term_string\"}}],\"inLanguage\":\"fr-FR\"}]}<\/script>\n<!-- \/ Yoast SEO plugin. -->","yoast_head_json":{"title":"NOTRE \u00c9QUIPE - Reconnective Therapy","description":"NOTRE \u00c9QUIPE RCT - Reconnective Therapy | Herwig und Kerstin Sch\u00f6n. Jeder von uns tr\u00e4gt das Wissen \u00fcber perfektes Wohlbefinden in sich.","robots":{"index":"index","follow":"follow","max-snippet":"max-snippet:-1","max-image-preview":"max-image-preview:large","max-video-preview":"max-video-preview:-1"},"canonical":"https:\/\/www.reconnectivetherapy.com\/fr\/rct\/our-team\/","og_locale":"fr_FR","og_type":"article","og_title":"NOTRE \u00c9QUIPE - Reconnective Therapy","og_description":"NOTRE \u00c9QUIPE RCT - Reconnective Therapy | Herwig und Kerstin Sch\u00f6n. Jeder von uns tr\u00e4gt das Wissen \u00fcber perfektes Wohlbefinden in sich.","og_url":"https:\/\/www.reconnectivetherapy.com\/fr\/rct\/our-team\/","og_site_name":"RCT - Reconnective Therapy | Kerstin Sch\u00f6n","article_modified_time":"2024-01-11T06:44:27+00:00","twitter_misc":{"Dur\u00e9e de lecture estim\u00e9e":"5 minutes"},"schema":{"@context":"https:\/\/schema.org","@graph":[{"@type":"WebPage","@id":"https:\/\/www.reconnectivetherapy.com\/fr\/rct\/our-team\/","url":"https:\/\/www.reconnectivetherapy.com\/fr\/rct\/our-team\/","name":"NOTRE \u00c9QUIPE - Reconnective Therapy","isPartOf":{"@id":"https:\/\/www.reconnectivetherapy.com\/#website"},"datePublished":"2016-04-05T07:27:24+00:00","dateModified":"2024-01-11T06:44:27+00:00","description":"NOTRE \u00c9QUIPE RCT - Reconnective Therapy | Herwig und Kerstin Sch\u00f6n. Jeder von uns tr\u00e4gt das Wissen \u00fcber perfektes Wohlbefinden in sich.","breadcrumb":{"@id":"https:\/\/www.reconnectivetherapy.com\/fr\/rct\/our-team\/#breadcrumb"},"inLanguage":"fr-FR","potentialAction":[{"@type":"ReadAction","target":["https:\/\/www.reconnectivetherapy.com\/fr\/rct\/our-team\/"]}]},{"@type":"BreadcrumbList","@id":"https:\/\/www.reconnectivetherapy.com\/fr\/rct\/our-team\/#breadcrumb","itemListElement":[{"@type":"ListItem","position":1,"name":"Accueil","item":"https:\/\/www.reconnectivetherapy.com\/fr\/"},{"@type":"ListItem","position":2,"name":"Gu\u00e9rison et formation","item":"https:\/\/www.reconnectivetherapy.com\/healing\/"},{"@type":"ListItem","position":3,"name":"NOTRE \u00c9QUIPE"}]},{"@type":"WebSite","@id":"https:\/\/www.reconnectivetherapy.com\/#website","url":"https:\/\/www.reconnectivetherapy.com\/","name":"RCT - Reconnective Therapy | Kerstin Sch\u00f6n","description":"RCT - Reconnective Therapy | Kerstin Sch\u00f6n","potentialAction":[{"@type":"SearchAction","target":{"@type":"EntryPoint","urlTemplate":"https:\/\/www.reconnectivetherapy.com\/?s={search_term_string}"},"query-input":{"@type":"PropertyValueSpecification","valueRequired":true,"valueName":"search_term_string"}}],"inLanguage":"fr-FR"}]}},"_links":{"self":[{"href":"https:\/\/www.reconnectivetherapy.com\/fr\/wp-json\/wp\/v2\/pages\/6660","targetHints":{"allow":["GET"]}}],"collection":[{"href":"https:\/\/www.reconnectivetherapy.com\/fr\/wp-json\/wp\/v2\/pages"}],"about":[{"href":"https:\/\/www.reconnectivetherapy.com\/fr\/wp-json\/wp\/v2\/types\/page"}],"author":[{"embeddable":true,"href":"https:\/\/www.reconnectivetherapy.com\/fr\/wp-json\/wp\/v2\/users\/10"}],"replies":[{"embeddable":true,"href":"https:\/\/www.reconnectivetherapy.com\/fr\/wp-json\/wp\/v2\/comments?post=6660"}],"version-history":[{"count":0,"href":"https:\/\/www.reconnectivetherapy.com\/fr\/wp-json\/wp\/v2\/pages\/6660\/revisions"}],"up":[{"embeddable":true,"href":"https:\/\/www.reconnectivetherapy.com\/fr\/wp-json\/wp\/v2\/pages\/6595"}],"wp:attachment":[{"href":"https:\/\/www.reconnectivetherapy.com\/fr\/wp-json\/wp\/v2\/media?parent=6660"}],"curies":[{"name":"wp","href":"https:\/\/api.w.org\/{rel}","templated":true}]}}