{"id":13901,"date":"2023-12-07T10:03:56","date_gmt":"2023-12-07T09:03:56","guid":{"rendered":"https:\/\/www.reconnectivetherapy.com\/?post_type=tribe_events&#038;p=13901"},"modified":"2023-12-07T10:05:50","modified_gmt":"2023-12-07T09:05:50","slug":"gewahrsein-transformation-3","status":"publish","type":"tribe_events","link":"https:\/\/www.reconnectivetherapy.com\/de\/event\/gewahrsein-transformation-3\/","title":{"rendered":"Gewahrsein &#038; Transformation"},"content":{"rendered":"<div class=\"wpb-content-wrapper\"><p>[vc_row][vc_column][vc_column_text]<\/p>\n<h3><a href=\"https:\/\/www.reconnectivetherapy.com\/de\/heilung\/heilung\/behandlungsgruppen\/\"><span style=\"font-size: 20px;\"><strong><span style=\"font-size: 20px;\"><span style=\"font-size: 24px;\">RCT-Behandlungsgruppe (Onlinekonferenz)<\/span><\/span><\/strong><\/span><\/a><\/h3>\n<h4><span style=\"font-size: 16px;\">Heilung und Unterst\u00fctzung in bestimmten Lebensbereichen wie Gesundheit, Beziehungen, Gef\u00fchle, Gedanken und immer wiederkehrende Muster.<\/span><\/h4>\n<p>&nbsp;<\/p>\n<p><strong>Voraussetzung zur Teilnahme:<\/strong>\u00a0keine<\/p>\n<p><strong>Termin:<em>\u00a0<\/em><\/strong>Dienstag, 5. M\u00e4rz 2024<\/p>\n<p><strong>Zeit: <\/strong>20:00 \u2013 21:30 Uhr via ZOOM<\/p>\n<p><strong>Leitung: <\/strong>Kerstin Sch\u00f6n<\/p>\n<p><strong>Kosten:<\/strong>\u00a065,- \u20ac[\/vc_column_text][vc_separator][vc_column_text]<\/p>\n<p style=\"text-align: center;\"><span style=\"font-size: 14px;\"><strong>Weitere Termine 2024:<\/strong><\/span><\/p>\n<p style=\"text-align: center;\"><span style=\"font-size: 14px;\">Dienstag, 9. April<\/span><br \/>\n<span style=\"font-size: 14px;\">Dienstag, 7. Mai<\/span><br \/>\n<span style=\"font-size: 14px;\">Dienstag, 4. Juni<\/span><br \/>\n<span style=\"font-size: 14px;\">Dienstag, 9. Juli<\/span><br \/>\n<span style=\"font-size: 14px;\">Dienstag, 6. August<\/span><br \/>\n<span style=\"font-size: 14px;\">Dienstag, 10. September<\/span><br \/>\n<span style=\"font-size: 14px;\">Dienstag, 8. Oktober<\/span><br \/>\n<span style=\"font-size: 14px;\">Dienstag, 5. November<\/span><br \/>\n<span style=\"font-size: 14px;\">Dienstag, 3. Dezember<\/span><\/p>\n<p>[\/vc_column_text][\/vc_column][\/vc_row][vc_row][vc_column width=&#8220;1\/2&#8243;][vc_btn title=&#8220;Anmeldung per Mail&#8220; color=&#8220;primary&#8220; align=&#8220;center&#8220; link=&#8220;url:mailto%3Ainfo.de%40reconnectivetherapy.com%3Fsubject%3DGewahrsein%20und%20Transformation%20-%20Online-Konferenz(en)%20-%20meine%20Anmeldung%26body%3DHallo%2C%250a%250ahiermit%20melde%20ich%20mich%20f%C3%BCr%20die%20o.%20gen.%20Veranstaltung(en)%20an.%250aIch%20nehme%20teil%20an%20(bitte%20jeweils%20Datum%20eintragen)%3A%250a-%20einer%20Konferenz%3A%250a-%20folgenden%20Konferenzen%3A%250a%250aDie%20Teilnahmegeb%C3%BChr%20(65%2C-%20%E2%82%AC%20pro%20Konferenz)%20in%20H%C3%B6he%20von%3A%250ahabe%20ich%20auf%20folgendes%20Konto%20%C3%BCberwiesen%3A%250a%250aReConnective%20Therapy%20-%20Kerstin%20Sch%C3%B6n%250aIBAN%3A%20DE58%207019%200000%200207%206641%2076%250a%250aIch%20bitte%20um%20rechtzeitige%20Zusendung%20der%20Zugangsdaten%20f%C3%BCr%20die%20ZOOM-Konferenz(en).%250a%250aMeine%20Mobilnummer%3A%250a%250aEs%20gr%C3%BC%C3%9Ft&#8220;][\/vc_column][vc_column width=&#8220;1\/2&#8243;][vc_btn title=&#8220;Weitere Informationen&#8220; color=&#8220;primary&#8220; align=&#8220;center&#8220; link=&#8220;url:https%3A%2F%2Fwww.reconnectivetherapy.com%2Fde%2Fheilung%2Fheilung%2Fbehandlungsgruppen%2F&#8220;][\/vc_column][\/vc_row]<\/p>\n<\/div>","protected":false},"excerpt":{"rendered":"<p>[vc_row][vc_column][vc_column_text] RCT-Behandlungsgruppe (Onlinekonferenz) Heilung und Unterst\u00fctzung in bestimmten Lebensbereichen wie Gesundheit, Beziehungen, Gef\u00fchle, Gedanken und immer wiederkehrende Muster. &nbsp; Voraussetzung zur Teilnahme:\u00a0keine Termin:\u00a0Dienstag, 5. M\u00e4rz 2024<span class=\"excerpt-hellip\"> [\u2026]<\/span><\/p>\n","protected":false},"author":13,"featured_media":12208,"template":"","meta":{"_tribe_events_status":"","_tribe_events_status_reason":"","_tribe_events_is_hybrid":"","_tribe_events_is_virtual":"","_tribe_events_virtual_video_source":"","_tribe_events_virtual_embed_video":"","_tribe_events_virtual_linked_button_text":"","_tribe_events_virtual_linked_button":"","_tribe_events_virtual_show_embed_at":"","_tribe_events_virtual_show_embed_to":[],"_tribe_events_virtual_show_on_event":"","_tribe_events_virtual_show_on_views":"","_tribe_events_virtual_url":"","footnotes":""},"tags":[],"tribe_events_cat":[],"class_list":["post-13901","tribe_events","type-tribe_events","status-publish","has-post-thumbnail","hentry"],"yoast_head":"<!-- This site is optimized with the Yoast SEO plugin v27.4 - https:\/\/yoast.com\/product\/yoast-seo-wordpress\/ -->\n<title>Gewahrsein &amp; Transformation - RCT - Reconnective Therapy | Kerstin Sch\u00f6n<\/title>\n<meta name=\"robots\" content=\"index, follow, max-snippet:-1, max-image-preview:large, max-video-preview:-1\" \/>\n<link rel=\"canonical\" href=\"https:\/\/www.reconnectivetherapy.com\/de\/event\/gewahrsein-transformation-3\/\" \/>\n<meta property=\"og:locale\" content=\"de_DE\" \/>\n<meta property=\"og:type\" content=\"article\" \/>\n<meta property=\"og:title\" content=\"Gewahrsein &amp; Transformation - RCT - Reconnective Therapy | Kerstin Sch\u00f6n\" \/>\n<meta property=\"og:description\" content=\"[vc_row][vc_column][vc_column_text] RCT-Behandlungsgruppe (Onlinekonferenz) Heilung und Unterst\u00fctzung in bestimmten Lebensbereichen wie Gesundheit, Beziehungen, Gef\u00fchle, Gedanken und immer wiederkehrende Muster. &nbsp; Voraussetzung zur Teilnahme:\u00a0keine Termin:\u00a0Dienstag, 5. M\u00e4rz 2024 [\u2026]\" \/>\n<meta property=\"og:url\" content=\"https:\/\/www.reconnectivetherapy.com\/de\/event\/gewahrsein-transformation-3\/\" \/>\n<meta property=\"og:site_name\" content=\"RCT - Reconnective Therapy | Kerstin Sch\u00f6n\" \/>\n<meta property=\"article:modified_time\" content=\"2023-12-07T09:05:50+00:00\" \/>\n<meta property=\"og:image\" content=\"https:\/\/www.reconnectivetherapy.com\/wp-content\/uploads\/2021\/07\/metam.jpg\" \/>\n\t<meta property=\"og:image:width\" content=\"2132\" \/>\n\t<meta property=\"og:image:height\" content=\"1775\" \/>\n\t<meta property=\"og:image:type\" content=\"image\/jpeg\" \/>\n<meta name=\"twitter:label1\" content=\"Gesch\u00e4tzte Lesezeit\" \/>\n\t<meta name=\"twitter:data1\" content=\"1\u00a0Minute\" \/>\n<script type=\"application\/ld+json\" class=\"yoast-schema-graph\">{\"@context\":\"https:\\\/\\\/schema.org\",\"@graph\":[{\"@type\":\"WebPage\",\"@id\":\"https:\\\/\\\/www.reconnectivetherapy.com\\\/de\\\/event\\\/gewahrsein-transformation-3\\\/\",\"url\":\"https:\\\/\\\/www.reconnectivetherapy.com\\\/de\\\/event\\\/gewahrsein-transformation-3\\\/\",\"name\":\"Gewahrsein & Transformation - RCT - Reconnective Therapy | Kerstin Sch\u00f6n\",\"isPartOf\":{\"@id\":\"https:\\\/\\\/www.reconnectivetherapy.com\\\/#website\"},\"primaryImageOfPage\":{\"@id\":\"https:\\\/\\\/www.reconnectivetherapy.com\\\/de\\\/event\\\/gewahrsein-transformation-3\\\/#primaryimage\"},\"image\":{\"@id\":\"https:\\\/\\\/www.reconnectivetherapy.com\\\/de\\\/event\\\/gewahrsein-transformation-3\\\/#primaryimage\"},\"thumbnailUrl\":\"https:\\\/\\\/www.reconnectivetherapy.com\\\/wp-content\\\/uploads\\\/2021\\\/07\\\/metam.jpg\",\"datePublished\":\"2023-12-07T09:03:56+00:00\",\"dateModified\":\"2023-12-07T09:05:50+00:00\",\"breadcrumb\":{\"@id\":\"https:\\\/\\\/www.reconnectivetherapy.com\\\/de\\\/event\\\/gewahrsein-transformation-3\\\/#breadcrumb\"},\"inLanguage\":\"de\",\"potentialAction\":[{\"@type\":\"ReadAction\",\"target\":[\"https:\\\/\\\/www.reconnectivetherapy.com\\\/de\\\/event\\\/gewahrsein-transformation-3\\\/\"]}]},{\"@type\":\"ImageObject\",\"inLanguage\":\"de\",\"@id\":\"https:\\\/\\\/www.reconnectivetherapy.com\\\/de\\\/event\\\/gewahrsein-transformation-3\\\/#primaryimage\",\"url\":\"https:\\\/\\\/www.reconnectivetherapy.com\\\/wp-content\\\/uploads\\\/2021\\\/07\\\/metam.jpg\",\"contentUrl\":\"https:\\\/\\\/www.reconnectivetherapy.com\\\/wp-content\\\/uploads\\\/2021\\\/07\\\/metam.jpg\",\"width\":2132,\"height\":1775},{\"@type\":\"BreadcrumbList\",\"@id\":\"https:\\\/\\\/www.reconnectivetherapy.com\\\/de\\\/event\\\/gewahrsein-transformation-3\\\/#breadcrumb\",\"itemListElement\":[{\"@type\":\"ListItem\",\"position\":1,\"name\":\"Start\",\"item\":\"https:\\\/\\\/www.reconnectivetherapy.com\\\/\"},{\"@type\":\"ListItem\",\"position\":2,\"name\":\"Events\",\"item\":\"https:\\\/\\\/www.reconnectivetherapy.com\\\/events\\\/\"},{\"@type\":\"ListItem\",\"position\":3,\"name\":\"Gewahrsein &#038; Transformation\"}]},{\"@type\":\"WebSite\",\"@id\":\"https:\\\/\\\/www.reconnectivetherapy.com\\\/#website\",\"url\":\"https:\\\/\\\/www.reconnectivetherapy.com\\\/\",\"name\":\"RCT - Reconnective Therapy | Kerstin Sch\u00f6n\",\"description\":\"RCT - Reconnective Therapy | Kerstin Sch\u00f6n\",\"potentialAction\":[{\"@type\":\"SearchAction\",\"target\":{\"@type\":\"EntryPoint\",\"urlTemplate\":\"https:\\\/\\\/www.reconnectivetherapy.com\\\/?s={search_term_string}\"},\"query-input\":{\"@type\":\"PropertyValueSpecification\",\"valueRequired\":true,\"valueName\":\"search_term_string\"}}],\"inLanguage\":\"de\"}]}<\/script>\n<!-- \/ Yoast SEO plugin. -->","yoast_head_json":{"title":"Gewahrsein & Transformation - RCT - Reconnective Therapy | Kerstin Sch\u00f6n","robots":{"index":"index","follow":"follow","max-snippet":"max-snippet:-1","max-image-preview":"max-image-preview:large","max-video-preview":"max-video-preview:-1"},"canonical":"https:\/\/www.reconnectivetherapy.com\/de\/event\/gewahrsein-transformation-3\/","og_locale":"de_DE","og_type":"article","og_title":"Gewahrsein & Transformation - RCT - Reconnective Therapy | Kerstin Sch\u00f6n","og_description":"[vc_row][vc_column][vc_column_text] RCT-Behandlungsgruppe (Onlinekonferenz) Heilung und Unterst\u00fctzung in bestimmten Lebensbereichen wie Gesundheit, Beziehungen, Gef\u00fchle, Gedanken und immer wiederkehrende Muster. &nbsp; Voraussetzung zur Teilnahme:\u00a0keine Termin:\u00a0Dienstag, 5. M\u00e4rz 2024 [\u2026]","og_url":"https:\/\/www.reconnectivetherapy.com\/de\/event\/gewahrsein-transformation-3\/","og_site_name":"RCT - Reconnective Therapy | Kerstin Sch\u00f6n","article_modified_time":"2023-12-07T09:05:50+00:00","og_image":[{"width":2132,"height":1775,"url":"https:\/\/www.reconnectivetherapy.com\/wp-content\/uploads\/2021\/07\/metam.jpg","type":"image\/jpeg"}],"twitter_misc":{"Gesch\u00e4tzte Lesezeit":"1\u00a0Minute"},"schema":{"@context":"https:\/\/schema.org","@graph":[{"@type":"WebPage","@id":"https:\/\/www.reconnectivetherapy.com\/de\/event\/gewahrsein-transformation-3\/","url":"https:\/\/www.reconnectivetherapy.com\/de\/event\/gewahrsein-transformation-3\/","name":"Gewahrsein & Transformation - RCT - Reconnective Therapy | Kerstin Sch\u00f6n","isPartOf":{"@id":"https:\/\/www.reconnectivetherapy.com\/#website"},"primaryImageOfPage":{"@id":"https:\/\/www.reconnectivetherapy.com\/de\/event\/gewahrsein-transformation-3\/#primaryimage"},"image":{"@id":"https:\/\/www.reconnectivetherapy.com\/de\/event\/gewahrsein-transformation-3\/#primaryimage"},"thumbnailUrl":"https:\/\/www.reconnectivetherapy.com\/wp-content\/uploads\/2021\/07\/metam.jpg","datePublished":"2023-12-07T09:03:56+00:00","dateModified":"2023-12-07T09:05:50+00:00","breadcrumb":{"@id":"https:\/\/www.reconnectivetherapy.com\/de\/event\/gewahrsein-transformation-3\/#breadcrumb"},"inLanguage":"de","potentialAction":[{"@type":"ReadAction","target":["https:\/\/www.reconnectivetherapy.com\/de\/event\/gewahrsein-transformation-3\/"]}]},{"@type":"ImageObject","inLanguage":"de","@id":"https:\/\/www.reconnectivetherapy.com\/de\/event\/gewahrsein-transformation-3\/#primaryimage","url":"https:\/\/www.reconnectivetherapy.com\/wp-content\/uploads\/2021\/07\/metam.jpg","contentUrl":"https:\/\/www.reconnectivetherapy.com\/wp-content\/uploads\/2021\/07\/metam.jpg","width":2132,"height":1775},{"@type":"BreadcrumbList","@id":"https:\/\/www.reconnectivetherapy.com\/de\/event\/gewahrsein-transformation-3\/#breadcrumb","itemListElement":[{"@type":"ListItem","position":1,"name":"Start","item":"https:\/\/www.reconnectivetherapy.com\/"},{"@type":"ListItem","position":2,"name":"Events","item":"https:\/\/www.reconnectivetherapy.com\/events\/"},{"@type":"ListItem","position":3,"name":"Gewahrsein &#038; Transformation"}]},{"@type":"WebSite","@id":"https:\/\/www.reconnectivetherapy.com\/#website","url":"https:\/\/www.reconnectivetherapy.com\/","name":"RCT - Reconnective Therapy | Kerstin Sch\u00f6n","description":"RCT - Reconnective Therapy | Kerstin Sch\u00f6n","potentialAction":[{"@type":"SearchAction","target":{"@type":"EntryPoint","urlTemplate":"https:\/\/www.reconnectivetherapy.com\/?s={search_term_string}"},"query-input":{"@type":"PropertyValueSpecification","valueRequired":true,"valueName":"search_term_string"}}],"inLanguage":"de"}]}},"_links":{"self":[{"href":"https:\/\/www.reconnectivetherapy.com\/de\/wp-json\/wp\/v2\/tribe_events\/13901","targetHints":{"allow":["GET"]}}],"collection":[{"href":"https:\/\/www.reconnectivetherapy.com\/de\/wp-json\/wp\/v2\/tribe_events"}],"about":[{"href":"https:\/\/www.reconnectivetherapy.com\/de\/wp-json\/wp\/v2\/types\/tribe_events"}],"author":[{"embeddable":true,"href":"https:\/\/www.reconnectivetherapy.com\/de\/wp-json\/wp\/v2\/users\/13"}],"version-history":[{"count":0,"href":"https:\/\/www.reconnectivetherapy.com\/de\/wp-json\/wp\/v2\/tribe_events\/13901\/revisions"}],"wp:featuredmedia":[{"embeddable":true,"href":"https:\/\/www.reconnectivetherapy.com\/de\/wp-json\/wp\/v2\/media\/12208"}],"wp:attachment":[{"href":"https:\/\/www.reconnectivetherapy.com\/de\/wp-json\/wp\/v2\/media?parent=13901"}],"wp:term":[{"taxonomy":"post_tag","embeddable":true,"href":"https:\/\/www.reconnectivetherapy.com\/de\/wp-json\/wp\/v2\/tags?post=13901"},{"taxonomy":"tribe_events_cat","embeddable":true,"href":"https:\/\/www.reconnectivetherapy.com\/de\/wp-json\/wp\/v2\/tribe_events_cat?post=13901"}],"curies":[{"name":"wp","href":"https:\/\/api.w.org\/{rel}","templated":true}]}}