{"id":7393,"date":"2016-04-14T09:26:52","date_gmt":"2016-04-14T07:26:52","guid":{"rendered":"http:\/\/www.reconnectivetherapy.com\/privacy-policy"},"modified":"2024-01-17T11:14:58","modified_gmt":"2024-01-17T10:14:58","slug":"privacy-policy","status":"publish","type":"page","link":"https:\/\/www.reconnectivetherapy.com\/de\/privacy-policy\/","title":{"rendered":"Privacy Policy"},"content":{"rendered":"<div class=\"wpb-content-wrapper\"><p>[vc_row][vc_column css=&#8220;.vc_custom_1453450499130{margin-top: 30px !important;}&#8220;][vc_column_text undefined=&#8220;&#8220;]<\/p>\n<h3>ONLINE PRIVACY POLICY<\/h3>\n<p>[\/vc_column_text][\/vc_column][\/vc_row][vc_row][vc_column css=&#8220;.vc_custom_1460012548201{margin-top: 24px !important;}&#8220;][vc_column_text]<\/p>\n<div id=\"slide-0\" class=\"gen-page\">\n<h3>Datenschutzerkl\u00e4rung f\u00fcr www.reconnectivetherapy.com und Subdomains<\/h3>\n<p>Sehr geehrte Besucherinnen und Besucher, wir freuen uns \u00fcber Ihren Besuch auf unseren Webseiten. Wir m\u00f6chten, dass Sie sich hierbei sicher und wohl f\u00fchlen. Der Schutz Ihrer Privatsph\u00e4re hat f\u00fcr uns einen hohen Stellenwert. Die folgenden Datenschutzbestimmungen sind daf\u00fcr gedacht, Sie \u00fcber unsere Handhabung der Erhebung, Verwendung und Weitergabe von pers\u00f6nlichen Daten zu informieren.<\/p>\n<p><strong>Verantwortliche Stelle<\/strong><br \/>\nRCT B\u00fcro USA<br \/>\nKerstin Sch\u00f6n<br \/>\n5326 Mina Lane<br \/>\nLangley, WA<br \/>\nTelefon: 360-321-1207<br \/>\n<a href=\"mailto: info@reconnectivetherapy.com\">info@reconnectivetherapy.com<\/a><\/p>\n<p><strong>Nutzungsdaten<\/strong><br \/>\nUm die Qualit\u00e4t und Funktionsf\u00e4higkeit unserer Webseiten zu verbessern und f\u00fcr den Fall einer Strafverfolgung, speichern wir zu statistischen Zwecken Daten \u00fcber den einzelnen Zugriff auf unsere Seiten. Dieser Datensatz besteht aus<\/p>\n<ul>\n<li>der Seite, von der aus die Datei angefordert wurde,<\/li>\n<li>dem Namen der Datei,<\/li>\n<li>dem Datum und der Uhrzeit der Abfrage,<\/li>\n<li>der \u00fcbertragenen Datenmenge,<\/li>\n<li>dem Zugriffsstatus (Datei \u00fcbertragen, Datei nicht gefunden),<\/li>\n<li>Beschreibung des Typs des verwendeten Webbrowsers,<\/li>\n<li>der IP-Adresse des anfragenden Rechners<\/li>\n<\/ul>\n<p>Rechtsgrundlage f\u00fcr diese Datenverarbeitung ist Art. 6 Abs. 1 lit. f DSGVO (berechtigte Interessen des Verantwortlichen).<br \/>\nDie o.g. Gr\u00fcnde stellen auch das berechtigte Interesse f\u00fcr die Datenverarbeitung nach Art. 6 Abs. 1 lit. f DSGVO dar.<\/p>\n<p><strong>Cookies<\/strong><br \/>\nZur besseren Benutzerf\u00fchrung setzen wir Cookies ein. Durch die Verwendung von Cookies wird die Nutzung von Webseiten f\u00fcr den Nutzer vereinfacht. Bestimmte Seiten sind ohne deren Einsatz nicht oder nicht fehlerfrei aufrufbar. Diese Gr\u00fcnde stellen auch das berechtigte Interesse f\u00fcr diese Datenverarbeitung nach Art. 6 Abs. 1 lit. f DSGVO dar (die Nutzung von Cookies zu Analysezwecken wird in einem anderen Punkt behandelt).<\/p>\n<p>G\u00e4ngige Browser bieten die Einstellungsm\u00f6glichkeit, Cookies nicht zuzulassen. Sie k\u00f6nnen Ihren Browser so einstellen, dass Sie \u00fcber das Setzen von Cookies informiert werden und Cookies nur im Einzelfall erlauben, die Annahme von Cookies ausschlie\u00dfen oder das automatische L\u00f6schen der Cookies beim Schlie\u00dfen des Browser aktivieren.<\/p>\n<p>Es ist nicht gew\u00e4hrleistet, dass Sie auf alle Funktionen dieser Website ohne Einschr\u00e4nkungen zugreifen k\u00f6nnen, wenn Sie entsprechende Einstellungen vornehmen.<\/p>\n<p><strong>Social Plugins<\/strong><br \/>\nFacebook<br \/>\nAuf dieser Webseite werden sog. Social Plugins des sozialen Netzwerkes facebook.com verwendet, das von der Facebook Inc., 1601 S. California Ave, Palo Alto, CA 94304, USA, betrieben wird (&#8222;Facebook&#8220;). Sie sind i.d.R. an dem &#8222;Daumen-hoch&#8220; Zeichen erkennbar. Eine \u00dcbersicht \u00fcber die Social Plugins von Facebook erhalten Sie hier: <a href=\"https:\/\/developers.facebook.com\/docs\/plugins\/\">https:\/\/developers.facebook.com\/docs\/plugins\/<\/a>.<\/p>\n<p>Beim Aufruf dieser Webseite wird eine Verbindung zwischen Ihrem Browser und den Servern von Facebook aufgebaut. Der Inhalt des Plugins wird von Facebook direkt an Ihren Browser \u00fcbermittelt und von diesem in die Webseite eingebunden. Wir haben daher leider weder Einfluss noch Kenntnis \u00fcber den Umfang der Daten, die Facebook mit Hilfe dieses Plugins erhebt.<\/p>\n<p>Durch die Einbindung der Plugins erh\u00e4lt Facebook die Information, dass ein Nutzer die entsprechende Seite des Angebots aufgerufen hat. Wenn Sie bei Facebook eingeloggt sind, kann Facebook den Besuch Ihrem Facebook-Konto zuordnen. Wenn Sie die Plugins anw\u00e4hlen (anklicken), wird die entsprechende Information von Ihrem Browser direkt an Facebook \u00fcbermittelt und dort gespeichert. Auch wenn Sie kein Mitglied bei Facebook sind, ist es m\u00f6glich, dass Facebook Ihre IP-Adresse in Erfahrung bringt und speichert. Laut Facebook wird in Deutschland die IP-Adresse jedoch nur anonymisiert gespeichert.<br \/>\nWeitere Hinweise zum Zweck und Umfang der Datenerhebung und die weitere Verarbeitung und Nutzung der Daten durch Facebook nebst Informationen \u00fcber Rechte und Einstellungsm\u00f6glichkeiten erhalten Sie hier: <a href=\"http:\/\/www.facebook.com\/policy.php\">http:\/\/www.facebook.com\/policy.php<\/a>.<br \/>\nEs ist zudem m\u00f6glich, Facebook-Social-Plugins mit Add-ons f\u00fcr Ihren Browser zu blocken, zum Beispiel mit dem &#8222;Facebook Blocker&#8220; oder das Add-on &#8222;AdBlock Plus&#8220; f\u00fcr Firefox. Weitere Infos hierzu unter <a href=\"http:\/\/t3n.de\/news\/blockierst-facebook-tracking-345091\/\">http:\/\/t3n.de\/news\/blockierst-facebook-tracking-345091\/<\/a>.<\/p>\n<p><strong>Webfonts<\/strong><br \/>\nAuf dieser Webseite verwenden wir Web-Fonts (GoogleFonts, Adobe Typekit, Fonts.com o.\u00e4.), also Schriften, die u.U. nicht auf Ihrem Endger\u00e4t vorhanden sind. F\u00fcr diesen Dienst greifen wir auf eine Schrifttypenbibliothek zur\u00fcck. Beim Aufruf unserer Webseite werden Web-Fonts von einem Server (Google, Adobe o.\u00e4.) geladen. Dabei kann die IP-Adresse der aufrufenden Besucher an den Anbieter (z.B. Google, Adobe &#8211; Adobe Systems Inc., San Jose, Kalifornien, USA) \u00fcbertragen werden.<\/p>\n<p>Rechtsgrundlage f\u00fcr diese Datenverarbeitung ist Art. 6 Abs. 1 lit. f DSGVO (berechtigte Interessen des Verantwortlichen). Der Betreiber hat ein berechtigtes Interesse an einer gut lesbaren und strukturierten Darstellung von Schriften und Inhalten (Usability) auf der Webseite.<\/p>\n<p><strong>Ihre Rechte als Nutzer<\/strong><br \/>\na) Recht auf Best\u00e4tigung<br \/>\nJede betroffene Person hat das Recht, Auskunft zu verlangen, ob \u00fcber sie personenbezogene Daten verarbeitet werden.<\/p>\n<p>b) Recht auf Auskunft (Art. 15 DSGVO)<br \/>\nJede betroffene Person hat das Recht, unentgeltliche Auskunft \u00fcber die zu seiner Person gespeicherten personenbezogenen Daten und eine Kopie dieser Auskunft zu erhalten.<\/p>\n<p>c) Recht auf Berichtigung (Art. 16 DSGVO)<br \/>\nDie betroffene Person hat das Recht, von dem Verantwortlichen unverz\u00fcglich die Berichtigung sie betreffender unrichtiger personenbezogener Daten zu verlangen.<\/p>\n<p>d) Recht auf L\u00f6schung (Recht auf Vergessen werden) (Art. 17 DSGVO)<br \/>\nJede betroffene Person hat das Recht, zu verlangen, dass die sie betreffenden personenbezogenen Daten unverz\u00fcglich gel\u00f6scht werden, sofern einer der gesetzlich genannten Gr\u00fcnde zutrifft und soweit die Verarbeitung nicht erforderlich ist.<\/p>\n<p>e) Recht auf Einschr\u00e4nkung der Verarbeitung (Art. 18 DSGVO)<br \/>\nJede betroffene Person hat das Recht, die Einschr\u00e4nkung der Verarbeitung zu verlangen, sofern einer der gesetzlich genannten Gr\u00fcnde zutrifft.<\/p>\n<p>f) Recht auf Daten\u00fcbertragbarkeit (Art. 20 DSGVO)<br \/>\nJede betroffene Person hat das Recht, die sie betreffenden personenbezogenen Daten, die durch sie einem Verantwortlichen bereitgestellt wurden, in einem strukturierten, g\u00e4ngigen und maschinenlesbaren Format zu erhalten und diese Daten einem anderen Verantwortlichen ohne Behinderung zu \u00fcbermitteln, sofern die Verarbeitung auf der Einwilligung gem\u00e4\u00df Art. 6 Abs. 1 Buchstabe a DS-GVO oder Art. 9 Abs. 2 Buchstabe a DS-GVO oder auf einem Vertrag gem\u00e4\u00df Art. 6 Abs. 1 Buchstabe b DS-GVO beruht und die Verarbeitung mithilfe automatisierter Verfahren erfolgt, sofern die Verarbeitung nicht f\u00fcr die Wahrnehmung einer Aufgabe erforderlich ist, die im \u00f6ffentlichen Interesse liegt oder in Aus\u00fcbung \u00f6ffentlicher Gewalt erfolgt, welche dem Verantwortlichen \u00fcbertragen wurde.<\/p>\n<p>Ferner hat die betroffene Person bei der Aus\u00fcbung ihres Rechts auf Daten\u00fcbertragbarkeit gem\u00e4\u00df Art. 20 Abs. 1 DS-GVO das Recht, zu erwirken, dass die personenbezogenen Daten direkt von einem Verantwortlichen an einen anderen Verantwortlichen \u00fcbermittelt werden, soweit dies technisch machbar ist und sofern hiervon nicht die Rechte und Freiheiten anderer Personen beeintr\u00e4chtigt werden.<\/p>\n<p>g) Recht auf Widerruf einer datenschutzrechtlichen Einwilligung (Art. 13 DSGVO)<br \/>\nJede betroffene Person hat das Recht, eine Einwilligung zur Verarbeitung personenbezogener Daten jederzeit zu widerrufen, wenn die Verarbeitung auf Art.6 Abs. 1 lit. a oder Art. 9 Abs. 2 lit. a beruht, ohne dass die Rechtm\u00e4\u00dfigkeit der aufgrund der Einwilligung bis zum Widerruf erfolgten Verarbeitung ber\u00fchrt wird.<\/p>\n<hr \/>\n<p>h) Recht auf Widerspruch (Art. 21 DSGVO)<br \/>\nJede betroffene Person hat das Recht, aus Gr\u00fcnden, die sich aus ihrer besonderen Situation ergeben, jederzeit gegen die Verarbeitung sie betreffender personenbezogener Daten, die aufgrund von Art. 6 Abs. 1 Buchstaben e oder f DS-GVO erfolgt, Widerspruch einzulegen. Dies gilt auch f\u00fcr ein auf diese Bestimmungen gest\u00fctztes Profiling.<\/p>\n<p>Werden personenbezogene Daten verarbeitet, um Direktwerbung zu betreiben, so hat die betroffene Person das Recht, jederzeit Widerspruch gegen die Verarbeitung sie betreffender personenbezogener Daten zum Zwecke derartiger Werbung einzulegen; dies gilt auch f\u00fcr das Profiling, soweit es mit solcher Direktwerbung in Verbindung steht.<\/p>\n<hr \/>\n<p>i) Automatisierte Entscheidungen im Einzelfall einschlie\u00dflich Profiling (Art. 22 DSGVO)<br \/>\nJede betroffene Person hat das Recht, nicht einer ausschlie\u00dflich auf einer automatisierten Verarbeitung &#8211; einschlie\u00dflich Profiling &#8211; beruhenden Entscheidung unterworfen zu werden, die ihr gegen\u00fcber rechtliche Wirkung entfaltet oder sie in \u00e4hnlicher Weise erheblich beeintr\u00e4chtigt, sofern die Entscheidung<\/p>\n<ul style=\"list-style-type: none;\">\n<li>(1) nicht f\u00fcr den Abschluss oder die Erf\u00fcllung eines Vertrags zwischen der betroffenen Person und dem Verantwortlichen erforderlich ist, oder<\/li>\n<li>(2) aufgrund von Rechtsvorschriften der Union oder der Mitgliedstaaten, denen der Verantwortliche unterliegt, zul\u00e4ssig ist und diese Rechtsvorschriften angemessene Ma\u00dfnahmen zur Wahrung der Rechte und Freiheiten sowie der berechtigten Interessen der betroffenen Person enthalten oder<\/li>\n<li>(3) mit ausdr\u00fccklicher Einwilligung der betroffenen Person erfolgt.<\/li>\n<\/ul>\n<p>In den in (1) und (3) genannten F\u00e4llen werden angemessene Ma\u00dfnahmen getroffen, um die Rechte und Freiheiten sowie die berechtigten Interessen der betroffenen Person zu wahren, wozu mindestens das Recht auf Erwirkung des Eingreifens einer Person seitens des Verantwortlichen, auf Darlegung des eigenen Standpunkts und auf Anfechtung der Entscheidung geh\u00f6rt.<\/p>\n<p><strong>Dauer, f\u00fcr die die personenbezogenen Daten gespeichert werden<\/strong><br \/>\nDas Kriterium f\u00fcr die Dauer der Speicherung von personenbezogenen Daten ist die jeweilige gesetzlich vorgeschriebene Aufbewahrungsfrist. Nach Ablauf der Frist werden die entsprechenden Daten routinem\u00e4\u00dfig gel\u00f6scht, sofern sie nicht mehr zur Vertragserf\u00fcllung oder Vertragsanbahnung erforderlich sind.<\/p>\n<p><strong>Fremde Inhalte<\/strong><br \/>\nAuf Seiten unseres Webangebotes k\u00f6nnen auch Inhalte Dritter (z.B. YouTube Videos oder Videos anderer Anbieter, Google-Maps, RSS-Feeds o.\u00c4.) eingebunden sein. Die Anbieter dieser Inhalte speichen i.d.R. Cookies auf dem Rechner der Nutzer. Dies k\u00f6nnen Sie durch entsprechende Einstellungen Ihres Browsers verhindern, was jedoch zur Folge haben kann, dass diese Inhalte nicht korrekt angezeigt werden.<\/p>\n<p>Dar\u00fcber hinaus speichern viele (Dritt-)Anbieter die IP-Adresse der Nutzer, um die entsprechenden Inhalte an den Browser des Nutzers senden zu k\u00f6nnen. Auf die Verwendung der IP-Adresse beim (Dritt-)Anbieter haben wir leider keinen Einfluss.<\/p>\n<p><strong>Beschwerderecht bei der zust\u00e4ndigen Aufsichtsbeh\u00f6rde<\/strong><br \/>\nIm Falle von datenschutzrechtlichen Verst\u00f6\u00dfen hat die betroffene Person ein Beschwerderecht bei der zust\u00e4ndigen Aufsichtsbeh\u00f6rde. Dies ist der oder die Landesdatenschutzbeauftragte des Bundeslandes, in dem unser Unternehmen seinen Sitz hat. Eine Liste der Datenschutzbeauftragten finden Sie hier: <a href=\"https:\/\/www.bfdi.bund.de\/DE\/Infothek\/Anschriften_Links\/anschriften_links-node.html\" target=\"_blank\" rel=\"noopener\">https:\/\/www.bfdi.bund.de\/DE\/Infothek\/Anschriften_Links\/anschriften_links-node.html<\/a>.<\/p>\n<p>Datenschutzerkl\u00e4rung erstellt mit dem interaktiven Muster f\u00fcr die <a href=\"https:\/\/www.123recht.net\/datenschutzgenerator.asp\" target=\"_blank\" rel=\"noopener\">Datenschutzerkl\u00e4rung von 123recht.net<\/a> &#8211; Rechtsberatung online.<\/p>\n<\/div>\n<div id=\"slide-1\" class=\"gen-page\" style=\"display: none;\">\n<h2>Merkblatt zu Ihrer Datenschutzerkl\u00e4rung<\/h2>\n<p>Sehr geehrter Nutzer,<\/p>\n<p>vielen Dank f\u00fcr die Nutzung unseres Datenschutzgenerators.<\/p>\n<p>Im Zweifel empfiehlt es sich, daf\u00fcr eine weitergehende rechtliche Beratung durch einen Anwalt in Anspruch zu nehmen.<\/p>\n<p>Tipp: Die hier generierte Datenschutzerkl\u00e4rung k\u00f6nnen Sie auf Ihrer Webseite einbinden. Es ist nicht erforderlich, dass Ihre Kunden diese Erkl\u00e4rung best\u00e4tigen, sie muss lediglich \u00fcber Ihre Seite erreichbar und erkennbar sein.<\/p>\n<p>Aufgrund Ihrer Angaben haben wir 3 wichtige Punkte identifiziert, die Sie beachten sollten.<\/p>\n<p><b>Fremde Inhalte<\/b><\/p>\n<p>Bei der Einbettung fremder Inhalte kann es zur \u00dcbertragung von IP-Adresse und weiteren Daten an Dritte durch das Setzen von Cookies kommen.<\/p>\n<p><b>Datenschutzbeauftragter<\/b><\/p>\n<p>Sie haben angegeben, dass Sie keinen Datenschutzbeauftragten haben. Unter bestimmten Voraussetzungen sind Sie gem. BDSG verpflichtet, einen Datenschutzbeauftragten zu bestellen. Die Datenschutzbeh\u00f6rden k\u00f6nnen hier Bu\u00dfgelder gegen Sie verh\u00e4ngen, wenn Sie gegen diese Vorschriften versto\u00dfen.<\/p>\n<p>Die erstellte Datenschutzerkl\u00e4rung ist f\u00fcr eine Webseite nutzbar. Wenn Sie mehrere Domains haben, nutzen Sie den kostenpflichtigen Generator bitte pro Domain.<\/p>\n<p>Hat Ihnen unser Service gefallen? Wir w\u00fcrden uns \u00fcber ein &#8222;like&#8220; freuen.<\/p>\n<p>Wir haben noch weitere Generatoren, die f\u00fcr Sie interessant sein k\u00f6nnten.<\/p>\n<p>&#8211; <a href=\"https:\/\/www.123recht.net\/impressumsgenerator.asp\" target=\"_blank\" rel=\"noopener\">Impressumsgenerator<\/a><\/p>\n<p>&#8211; <a href=\"https:\/\/www.123recht.net\/muster-haftungsausschluss.asp\" target=\"_blank\" rel=\"noopener\">Haftungsausschlussgenerator<\/a><\/p>\n<p>Verwenden Sie AGB? <a href=\"https:\/\/www.123recht.net\/AGB-pr\u00fcfen--rsp161.html\" target=\"_blank\" rel=\"noopener\">Hier gleich zum Festpreis von einem Anwalt \u00fcberpr\u00fcfen lassen<\/a>.<\/p>\n<\/div>\n<p>Bildnachweise:<\/p>\n<p>\u00a9 Ben 330807308 \u2013 stock.adobe.com<\/p>\n<p>\u00a9 Syntetic Dreams 592352824 \u2013 stock.adobe.com<\/p>\n<p>\u00a9\u00a0Igor Kolos 80556681 \u2013 stock.adobe.com<\/p>\n<p>\u00a9 Cfhdesign 614838603 \u2013 stock.adobe.com<\/p>\n<p>\u00a9 Nlyyouqj 451209572 \u2013 stock.adobe.com<\/p>\n<p>\u00a9 Giovanni Cancemi 182560747 \u2013 stock.adobe.com<\/p>\n<p>\u00a9 Guilherme Yukio 194060585 \u2013 stock.adobe.com<\/p>\n<p>\u00a9 Kateryna Kovarzh 312059763 \u2013 stock.adobe.com<\/p>\n<p>\u00a9 Trey 221002879 \u2013 stock.adobe.com<\/p>\n<p>\u00a9 Angelov 303067639 \u2013 stock.adobe.com<\/p>\n<p>\u00a9 Daniel 293677844 \u2013 stock.adobe.com[\/vc_column_text][\/vc_column][\/vc_row][vc_row][vc_column][vc_separator height_2=&#8220;40&#8243; height=&#8220;0&#8243; show_border=&#8220;yes_border&#8220;][\/vc_column][\/vc_row]<\/p>\n<\/div>","protected":false},"excerpt":{"rendered":"<p>[vc_row][vc_column css=&#8220;.vc_custom_1453450499130{margin-top: 30px !important;}&#8220;][vc_column_text undefined=&#8220;&#8220;] ONLINE PRIVACY POLICY [\/vc_column_text][\/vc_column][\/vc_row][vc_row][vc_column css=&#8220;.vc_custom_1460012548201{margin-top: 24px !important;}&#8220;][vc_column_text] Datenschutzerkl\u00e4rung f\u00fcr www.reconnectivetherapy.com und Subdomains Sehr geehrte Besucherinnen und Besucher, wir freuen uns \u00fcber<span class=\"excerpt-hellip\"> [\u2026]<\/span><\/p>\n","protected":false},"author":13,"featured_media":0,"parent":0,"menu_order":8,"comment_status":"closed","ping_status":"closed","template":"","meta":{"footnotes":""},"class_list":["post-7393","page","type-page","status-publish","hentry"],"yoast_head":"<!-- This site is optimized with the Yoast SEO plugin v27.5 - https:\/\/yoast.com\/product\/yoast-seo-wordpress\/ -->\n<title>Datenschutzerkl\u00e4rung - Reconnective Therapy<\/title>\n<meta name=\"description\" content=\"Datenschutzerkl\u00e4rung - Reconnective Therapy | Herwig und Kerstin Sch\u00f6n. Jeder von uns tr\u00e4gt das Wissen \u00fcber perfektes Wohlbefinden in sich.\" \/>\n<meta name=\"robots\" content=\"index, follow, max-snippet:-1, max-image-preview:large, max-video-preview:-1\" \/>\n<link rel=\"canonical\" href=\"https:\/\/www.reconnectivetherapy.com\/de\/privacy-policy\/\" \/>\n<meta property=\"og:locale\" content=\"de_DE\" \/>\n<meta property=\"og:type\" content=\"article\" \/>\n<meta property=\"og:title\" content=\"Datenschutzerkl\u00e4rung - Reconnective Therapy\" \/>\n<meta property=\"og:description\" content=\"Datenschutzerkl\u00e4rung - Reconnective Therapy | Herwig und Kerstin Sch\u00f6n. Jeder von uns tr\u00e4gt das Wissen \u00fcber perfektes Wohlbefinden in sich.\" \/>\n<meta property=\"og:url\" content=\"https:\/\/www.reconnectivetherapy.com\/de\/privacy-policy\/\" \/>\n<meta property=\"og:site_name\" content=\"RCT - Reconnective Therapy | Kerstin Sch\u00f6n\" \/>\n<meta property=\"article:modified_time\" content=\"2024-01-17T10:14:58+00:00\" \/>\n<meta name=\"twitter:label1\" content=\"Gesch\u00e4tzte Lesezeit\" \/>\n\t<meta name=\"twitter:data1\" content=\"8\u00a0Minuten\" \/>\n<script type=\"application\/ld+json\" class=\"yoast-schema-graph\">{\"@context\":\"https:\\\/\\\/schema.org\",\"@graph\":[{\"@type\":\"WebPage\",\"@id\":\"https:\\\/\\\/www.reconnectivetherapy.com\\\/de\\\/privacy-policy\\\/\",\"url\":\"https:\\\/\\\/www.reconnectivetherapy.com\\\/de\\\/privacy-policy\\\/\",\"name\":\"Datenschutzerkl\u00e4rung - Reconnective Therapy\",\"isPartOf\":{\"@id\":\"https:\\\/\\\/www.reconnectivetherapy.com\\\/#website\"},\"datePublished\":\"2016-04-14T07:26:52+00:00\",\"dateModified\":\"2024-01-17T10:14:58+00:00\",\"description\":\"Datenschutzerkl\u00e4rung - Reconnective Therapy | Herwig und Kerstin Sch\u00f6n. Jeder von uns tr\u00e4gt das Wissen \u00fcber perfektes Wohlbefinden in sich.\",\"breadcrumb\":{\"@id\":\"https:\\\/\\\/www.reconnectivetherapy.com\\\/de\\\/privacy-policy\\\/#breadcrumb\"},\"inLanguage\":\"de\",\"potentialAction\":[{\"@type\":\"ReadAction\",\"target\":[\"https:\\\/\\\/www.reconnectivetherapy.com\\\/de\\\/privacy-policy\\\/\"]}]},{\"@type\":\"BreadcrumbList\",\"@id\":\"https:\\\/\\\/www.reconnectivetherapy.com\\\/de\\\/privacy-policy\\\/#breadcrumb\",\"itemListElement\":[{\"@type\":\"ListItem\",\"position\":1,\"name\":\"Start\",\"item\":\"https:\\\/\\\/www.reconnectivetherapy.com\\\/\"},{\"@type\":\"ListItem\",\"position\":2,\"name\":\"Privacy Policy\"}]},{\"@type\":\"WebSite\",\"@id\":\"https:\\\/\\\/www.reconnectivetherapy.com\\\/#website\",\"url\":\"https:\\\/\\\/www.reconnectivetherapy.com\\\/\",\"name\":\"RCT - Reconnective Therapy | Kerstin Sch\u00f6n\",\"description\":\"RCT - Reconnective Therapy | Kerstin Sch\u00f6n\",\"potentialAction\":[{\"@type\":\"SearchAction\",\"target\":{\"@type\":\"EntryPoint\",\"urlTemplate\":\"https:\\\/\\\/www.reconnectivetherapy.com\\\/?s={search_term_string}\"},\"query-input\":{\"@type\":\"PropertyValueSpecification\",\"valueRequired\":true,\"valueName\":\"search_term_string\"}}],\"inLanguage\":\"de\"}]}<\/script>\n<!-- \/ Yoast SEO plugin. -->","yoast_head_json":{"title":"Datenschutzerkl\u00e4rung - Reconnective Therapy","description":"Datenschutzerkl\u00e4rung - Reconnective Therapy | Herwig und Kerstin Sch\u00f6n. Jeder von uns tr\u00e4gt das Wissen \u00fcber perfektes Wohlbefinden in sich.","robots":{"index":"index","follow":"follow","max-snippet":"max-snippet:-1","max-image-preview":"max-image-preview:large","max-video-preview":"max-video-preview:-1"},"canonical":"https:\/\/www.reconnectivetherapy.com\/de\/privacy-policy\/","og_locale":"de_DE","og_type":"article","og_title":"Datenschutzerkl\u00e4rung - Reconnective Therapy","og_description":"Datenschutzerkl\u00e4rung - Reconnective Therapy | Herwig und Kerstin Sch\u00f6n. Jeder von uns tr\u00e4gt das Wissen \u00fcber perfektes Wohlbefinden in sich.","og_url":"https:\/\/www.reconnectivetherapy.com\/de\/privacy-policy\/","og_site_name":"RCT - Reconnective Therapy | Kerstin Sch\u00f6n","article_modified_time":"2024-01-17T10:14:58+00:00","twitter_misc":{"Gesch\u00e4tzte Lesezeit":"8\u00a0Minuten"},"schema":{"@context":"https:\/\/schema.org","@graph":[{"@type":"WebPage","@id":"https:\/\/www.reconnectivetherapy.com\/de\/privacy-policy\/","url":"https:\/\/www.reconnectivetherapy.com\/de\/privacy-policy\/","name":"Datenschutzerkl\u00e4rung - Reconnective Therapy","isPartOf":{"@id":"https:\/\/www.reconnectivetherapy.com\/#website"},"datePublished":"2016-04-14T07:26:52+00:00","dateModified":"2024-01-17T10:14:58+00:00","description":"Datenschutzerkl\u00e4rung - Reconnective Therapy | Herwig und Kerstin Sch\u00f6n. Jeder von uns tr\u00e4gt das Wissen \u00fcber perfektes Wohlbefinden in sich.","breadcrumb":{"@id":"https:\/\/www.reconnectivetherapy.com\/de\/privacy-policy\/#breadcrumb"},"inLanguage":"de","potentialAction":[{"@type":"ReadAction","target":["https:\/\/www.reconnectivetherapy.com\/de\/privacy-policy\/"]}]},{"@type":"BreadcrumbList","@id":"https:\/\/www.reconnectivetherapy.com\/de\/privacy-policy\/#breadcrumb","itemListElement":[{"@type":"ListItem","position":1,"name":"Start","item":"https:\/\/www.reconnectivetherapy.com\/"},{"@type":"ListItem","position":2,"name":"Privacy Policy"}]},{"@type":"WebSite","@id":"https:\/\/www.reconnectivetherapy.com\/#website","url":"https:\/\/www.reconnectivetherapy.com\/","name":"RCT - Reconnective Therapy | Kerstin Sch\u00f6n","description":"RCT - Reconnective Therapy | Kerstin Sch\u00f6n","potentialAction":[{"@type":"SearchAction","target":{"@type":"EntryPoint","urlTemplate":"https:\/\/www.reconnectivetherapy.com\/?s={search_term_string}"},"query-input":{"@type":"PropertyValueSpecification","valueRequired":true,"valueName":"search_term_string"}}],"inLanguage":"de"}]}},"_links":{"self":[{"href":"https:\/\/www.reconnectivetherapy.com\/de\/wp-json\/wp\/v2\/pages\/7393","targetHints":{"allow":["GET"]}}],"collection":[{"href":"https:\/\/www.reconnectivetherapy.com\/de\/wp-json\/wp\/v2\/pages"}],"about":[{"href":"https:\/\/www.reconnectivetherapy.com\/de\/wp-json\/wp\/v2\/types\/page"}],"author":[{"embeddable":true,"href":"https:\/\/www.reconnectivetherapy.com\/de\/wp-json\/wp\/v2\/users\/13"}],"replies":[{"embeddable":true,"href":"https:\/\/www.reconnectivetherapy.com\/de\/wp-json\/wp\/v2\/comments?post=7393"}],"version-history":[{"count":0,"href":"https:\/\/www.reconnectivetherapy.com\/de\/wp-json\/wp\/v2\/pages\/7393\/revisions"}],"wp:attachment":[{"href":"https:\/\/www.reconnectivetherapy.com\/de\/wp-json\/wp\/v2\/media?parent=7393"}],"curies":[{"name":"wp","href":"https:\/\/api.w.org\/{rel}","templated":true}]}}