{"id":14182,"date":"2024-02-29T18:50:13","date_gmt":"2024-02-29T17:50:13","guid":{"rendered":"https:\/\/www.reconnectivetherapy.com\/?page_id=14182"},"modified":"2025-12-06T11:35:55","modified_gmt":"2025-12-06T10:35:55","slug":"rct-behandlerinnen-praktikum","status":"publish","type":"page","link":"https:\/\/www.reconnectivetherapy.com\/de\/rct-behandlerinnen-praktikum\/","title":{"rendered":"RCT-BehandlerInnen-Praktikum"},"content":{"rendered":"<div class=\"wpb-content-wrapper\"><p>[vc_row][vc_column][vc_column_text css=&#8220;&#8220;]<\/p>\n<h3 style=\"text-align: center;\"><span style=\"font-size: 24px;\"><br \/>\n<span style=\"font-size: 28px;\">2026 RCT-BehandlerInnen-Praktikum<\/span><\/span><\/h3>\n<p style=\"text-align: center;\"><span style=\"color: #0000ff;\">Dieses Praktikum startet im Januar und endet im November.<\/span><\/p>\n<p>[\/vc_column_text][vc_column_text]<strong>Du m\u00f6chtest die Kraft der ReConnective Therapy vertiefen und f\u00fcr deine Mitmenschen zug\u00e4nglicher machen?<\/strong><\/p>\n<p><strong>Du strebst nach einer pers\u00f6nlicheren Mentoring-Beziehung, w\u00e4hrend du deine F\u00e4higkeiten, Kapazit\u00e4ten und deine Praxis weiter ausbaust?<\/strong>[\/vc_column_text][vc_single_image image=&#8220;14178&#8243; img_size=&#8220;medium&#8220; alignment=&#8220;center&#8220;][\/vc_column][\/vc_row][vc_row][vc_column][vc_column_text css=&#8220;&#8220;]<span class=\"mc-toc-title\">Feedback und Mentoring sind der effektivste Weg, um das Wachstum, die F\u00e4higkeiten und das Selbstvertrauen von BehandlerInnen voranzubringen. <\/span>Das RCT-Praktikum 2026 stellt diese wesentlichen Elemente in den Vordergrund und bietet regelm\u00e4\u00dfige, zug\u00e4ngliche Unterst\u00fctzung, damit du erfolgreich sein kannst.<\/p>\n<p>Aufgrund der hohen Nachfrage von fr\u00fcheren TeilnehmerInnen wird das RCT-Praktikum f\u00fcr das Jahr 2026 erweitert. Das diesj\u00e4hrige Programm konzentriert sich auf pers\u00f6nliches Feedback und tiefes Wachstum durch intensive, praktische Erfahrungen in der strukturellen Arbeit der RCT.<\/p>\n<p>Zu den Highlights geh\u00f6ren:<\/p>\n<ul>\n<li><span style=\"color: #000000;\"><strong>Dabei-Sein bei Live-Behandlungen<\/strong> mit Kerstin, um in Echtzeit Einblicke in eine fortgeschrittene Praxis zu erhalten.<\/span><\/li>\n<li><span style=\"color: #000000;\"><strong>Individuelles KlientInnen-Feedback<\/strong> zu deinen KlientInnensitzungen, das auf deine individuellen St\u00e4rken und Ziele zugeschnitten ist.<\/span><\/li>\n<\/ul>\n<p>Mach den n\u00e4chsten Schritt in der Praxis der RCT &#8211; nimm am RCT-Praktikum 2026 teil und tauche in ein transformatives Jahr des beruflichen und pers\u00f6nlichen Wachstums ein.<\/p>\n<p><strong>Dieses Praktikum ist f\u00fcr diejenigen gedacht, die ihre RCT-Praxis ausbauen wollen.<\/strong><\/p>\n<p>Voraussetzung: APE I<\/p>\n<p>Interessiert?<br \/>\nDann reiche deine Bewerbung bis zum 15. Dezember 2025 ein.[\/vc_column_text][vc_btn title=&#8220;Hier klicken um dich zu Bewerben&#8220; color=&#8220;primary&#8220; size=&#8220;lg&#8220; align=&#8220;left&#8220; css=&#8220;&#8220; link=&#8220;url:https%3A%2F%2Fdocs.google.com%2Fforms%2Fd%2Fe%2F1FAIpQLSfxfU6g8D4vIvFgpzdrst9bhkRWArR7e0H6D_E6mM0DOo88PA%2Fviewform%3Fusp%3Ddialog&#8220;][vc_separator][vc_column_text css=&#8220;&#8220;]<strong>Inhalte &#8211; 2026 RCT-BehandlerInnen-Praktikum:<\/strong><\/p>\n<ul>\n<li><strong>Regelm\u00e4\u00dfiges Dabei-Sein bei Behandlungen mit Kerstin Sch\u00f6n (&#8222;Sitting-In&#8220;)<\/strong><\/li>\n<\/ul>\n<p>Eine Session dauert in der Regel 1,5 bis 2 Stunden. Die PraktikantInnen sind daf\u00fcr verantwortlich, zwischen dem 19. Januar und dem 30. November 2026 insgesamt 20 Sitting-In-Sitzungen im B\u00fcro zu vereinbaren. Wenn etwa alle zwei Wochen ein Termin geplant wird, k\u00f6nnen alle 20 Sitting-Ins innerhalb des 45-w\u00f6chigen Praktikums absolviert werden.<\/p>\n<ul>\n<li><strong>10 Fallstudien (via Online Konferenzen)<br \/>\n<\/strong><\/li>\n<\/ul>\n<p>Du behandelst deine eigenen KlientInnen live auf die Ferne und erh\u00e4ltst Feedback zu deiner RCT-Arbeit. Jede Konferenz dauert 90 Minuten.<\/p>\n<p><strong data-start=\"55\" data-end=\"84\">Dienstag, 27. Januar 2026<\/strong><br data-start=\"84\" data-end=\"87\" \/><strong data-start=\"87\" data-end=\"117\">Dienstag, 24. Februar 2026<\/strong><br data-start=\"117\" data-end=\"120\" data-is-only-node=\"\" \/><strong data-start=\"120\" data-end=\"147\">Dienstag, 31. M\u00e4rz 2026<\/strong><br data-start=\"147\" data-end=\"150\" \/><strong data-start=\"150\" data-end=\"178\">Dienstag, 21. April 2026<\/strong><br data-start=\"178\" data-end=\"181\" \/><strong data-start=\"181\" data-end=\"207\">Dienstag, 26. Mai 2026<\/strong><br data-start=\"207\" data-end=\"210\" \/><strong data-start=\"210\" data-end=\"237\">Dienstag, 30. Juni 2026<\/strong><br data-start=\"237\" data-end=\"240\" \/><strong data-start=\"240\" data-end=\"267\">Dienstag, 21. Juli 2026<\/strong><br data-start=\"267\" data-end=\"270\" \/><strong data-start=\"270\" data-end=\"302\">Dienstag, 22. September 2026<\/strong><br data-start=\"302\" data-end=\"305\" \/><strong data-start=\"305\" data-end=\"335\">Dienstag, 27. Oktober 2026<\/strong><br data-start=\"335\" data-end=\"338\" \/><strong data-start=\"338\" data-end=\"369\">Dienstag, 24. November 2026<\/strong><\/p>\n<ul>\n<li><strong>6 Nachbesprechungen in der Gruppe<br \/>\n<\/strong><\/li>\n<\/ul>\n<p>Diese finden alle zwei Monate statt. Bringe Fragen zu deiner RCT-Praxis mit und lass dich bei deinen n\u00e4chsten Schritten als RCT-BehandlerIn unterst\u00fctzen.<\/p>\n<ul>\n<li><strong>Individuelles KlientInnen-Feedback<br \/>\n<\/strong><\/li>\n<\/ul>\n<p>Hol dir zeitnahes Feedback von Kerstin Sch\u00f6n zu deinen aktiven KlientInnensitzungen \u00fcber die Messanger-App \u201eTelegram\u201c.<\/p>\n<ul>\n<li><strong>Eigenst\u00e4ndige Community-Sitzungen<\/strong><\/li>\n<\/ul>\n<p>M\u00f6glichkeit zu regelm\u00e4\u00dfigen Treffen der teilnehmenden PraktikantInnen, um die Entwicklung gegenseitig zu unterst\u00fctzen. Eigenst\u00e4ndige Organisation unter den PraktikantInnen.<\/p>\n<ul>\n<li><strong>RCT-Behandlungen<\/strong><\/li>\n<\/ul>\n<p>Alle RCT-BehandlerInnen, die sich f\u00fcr das Praktikum angemeldet haben, m\u00fcssen regelm\u00e4\u00dfig RCT-Behandlungen erhalten. Der Preis f\u00fcr einzelne RCT-Behandlungen ist nicht in den Praktikumsgeb\u00fchren enthalten.<\/p>\n<p><strong>Gesamtpreis: 3.300,-\u20ac <\/strong>(Ratenzahlung m\u00f6glich, Anzahlung 300,-\u20ac)<strong><br \/>\n<\/strong>[\/vc_column_text][\/vc_column][\/vc_row]<\/p>\n<\/div>","protected":false},"excerpt":{"rendered":"<p>[vc_row][vc_column][vc_column_text css=&#8220;&#8220;] 2026 RCT-BehandlerInnen-Praktikum Dieses Praktikum startet im Januar und endet im November. [\/vc_column_text][vc_column_text]Du m\u00f6chtest die Kraft der ReConnective Therapy vertiefen und f\u00fcr deine Mitmenschen zug\u00e4nglicher<span class=\"excerpt-hellip\"> [\u2026]<\/span><\/p>\n","protected":false},"author":13,"featured_media":0,"parent":0,"menu_order":3,"comment_status":"closed","ping_status":"closed","template":"","meta":{"footnotes":""},"class_list":["post-14182","page","type-page","status-publish","hentry"],"yoast_head":"<!-- This site is optimized with the Yoast SEO plugin v27.4 - https:\/\/yoast.com\/product\/yoast-seo-wordpress\/ -->\n<title>RCT - Reconnective Therapy | Kerstin Sch\u00f6n<\/title>\n<meta name=\"robots\" content=\"index, follow, max-snippet:-1, max-image-preview:large, max-video-preview:-1\" \/>\n<link rel=\"canonical\" href=\"https:\/\/www.reconnectivetherapy.com\/de\/rct-behandlerinnen-praktikum\/\" \/>\n<meta property=\"og:locale\" content=\"de_DE\" \/>\n<meta property=\"og:type\" content=\"article\" \/>\n<meta property=\"og:title\" content=\"RCT - Reconnective Therapy | Kerstin Sch\u00f6n\" \/>\n<meta property=\"og:description\" content=\"[vc_row][vc_column][vc_column_text css=&#8220;&#8220;] 2026 RCT-BehandlerInnen-Praktikum Dieses Praktikum startet im Januar und endet im November. [\/vc_column_text][vc_column_text]Du m\u00f6chtest die Kraft der ReConnective Therapy vertiefen und f\u00fcr deine Mitmenschen zug\u00e4nglicher [\u2026]\" \/>\n<meta property=\"og:url\" content=\"https:\/\/www.reconnectivetherapy.com\/de\/rct-behandlerinnen-praktikum\/\" \/>\n<meta property=\"og:site_name\" content=\"RCT - Reconnective Therapy | Kerstin Sch\u00f6n\" \/>\n<meta property=\"article:modified_time\" content=\"2025-12-06T10:35:55+00:00\" \/>\n<meta name=\"twitter:label1\" content=\"Gesch\u00e4tzte Lesezeit\" \/>\n\t<meta name=\"twitter:data1\" content=\"2\u00a0Minuten\" \/>\n<script type=\"application\/ld+json\" class=\"yoast-schema-graph\">{\"@context\":\"https:\\\/\\\/schema.org\",\"@graph\":[{\"@type\":\"WebPage\",\"@id\":\"https:\\\/\\\/www.reconnectivetherapy.com\\\/de\\\/rct-behandlerinnen-praktikum\\\/\",\"url\":\"https:\\\/\\\/www.reconnectivetherapy.com\\\/de\\\/rct-behandlerinnen-praktikum\\\/\",\"name\":\"RCT - Reconnective Therapy | Kerstin Sch\u00f6n\",\"isPartOf\":{\"@id\":\"https:\\\/\\\/www.reconnectivetherapy.com\\\/#website\"},\"datePublished\":\"2024-02-29T17:50:13+00:00\",\"dateModified\":\"2025-12-06T10:35:55+00:00\",\"breadcrumb\":{\"@id\":\"https:\\\/\\\/www.reconnectivetherapy.com\\\/de\\\/rct-behandlerinnen-praktikum\\\/#breadcrumb\"},\"inLanguage\":\"de\",\"potentialAction\":[{\"@type\":\"ReadAction\",\"target\":[\"https:\\\/\\\/www.reconnectivetherapy.com\\\/de\\\/rct-behandlerinnen-praktikum\\\/\"]}]},{\"@type\":\"BreadcrumbList\",\"@id\":\"https:\\\/\\\/www.reconnectivetherapy.com\\\/de\\\/rct-behandlerinnen-praktikum\\\/#breadcrumb\",\"itemListElement\":[{\"@type\":\"ListItem\",\"position\":1,\"name\":\"Start\",\"item\":\"https:\\\/\\\/www.reconnectivetherapy.com\\\/\"},{\"@type\":\"ListItem\",\"position\":2,\"name\":\"RCT-BehandlerInnen-Praktikum\"}]},{\"@type\":\"WebSite\",\"@id\":\"https:\\\/\\\/www.reconnectivetherapy.com\\\/#website\",\"url\":\"https:\\\/\\\/www.reconnectivetherapy.com\\\/\",\"name\":\"RCT - Reconnective Therapy | Kerstin Sch\u00f6n\",\"description\":\"RCT - Reconnective Therapy | Kerstin Sch\u00f6n\",\"potentialAction\":[{\"@type\":\"SearchAction\",\"target\":{\"@type\":\"EntryPoint\",\"urlTemplate\":\"https:\\\/\\\/www.reconnectivetherapy.com\\\/?s={search_term_string}\"},\"query-input\":{\"@type\":\"PropertyValueSpecification\",\"valueRequired\":true,\"valueName\":\"search_term_string\"}}],\"inLanguage\":\"de\"}]}<\/script>\n<!-- \/ Yoast SEO plugin. -->","yoast_head_json":{"title":"RCT - Reconnective Therapy | Kerstin Sch\u00f6n","robots":{"index":"index","follow":"follow","max-snippet":"max-snippet:-1","max-image-preview":"max-image-preview:large","max-video-preview":"max-video-preview:-1"},"canonical":"https:\/\/www.reconnectivetherapy.com\/de\/rct-behandlerinnen-praktikum\/","og_locale":"de_DE","og_type":"article","og_title":"RCT - Reconnective Therapy | Kerstin Sch\u00f6n","og_description":"[vc_row][vc_column][vc_column_text css=&#8220;&#8220;] 2026 RCT-BehandlerInnen-Praktikum Dieses Praktikum startet im Januar und endet im November. [\/vc_column_text][vc_column_text]Du m\u00f6chtest die Kraft der ReConnective Therapy vertiefen und f\u00fcr deine Mitmenschen zug\u00e4nglicher [\u2026]","og_url":"https:\/\/www.reconnectivetherapy.com\/de\/rct-behandlerinnen-praktikum\/","og_site_name":"RCT - Reconnective Therapy | Kerstin Sch\u00f6n","article_modified_time":"2025-12-06T10:35:55+00:00","twitter_misc":{"Gesch\u00e4tzte Lesezeit":"2\u00a0Minuten"},"schema":{"@context":"https:\/\/schema.org","@graph":[{"@type":"WebPage","@id":"https:\/\/www.reconnectivetherapy.com\/de\/rct-behandlerinnen-praktikum\/","url":"https:\/\/www.reconnectivetherapy.com\/de\/rct-behandlerinnen-praktikum\/","name":"RCT - Reconnective Therapy | Kerstin Sch\u00f6n","isPartOf":{"@id":"https:\/\/www.reconnectivetherapy.com\/#website"},"datePublished":"2024-02-29T17:50:13+00:00","dateModified":"2025-12-06T10:35:55+00:00","breadcrumb":{"@id":"https:\/\/www.reconnectivetherapy.com\/de\/rct-behandlerinnen-praktikum\/#breadcrumb"},"inLanguage":"de","potentialAction":[{"@type":"ReadAction","target":["https:\/\/www.reconnectivetherapy.com\/de\/rct-behandlerinnen-praktikum\/"]}]},{"@type":"BreadcrumbList","@id":"https:\/\/www.reconnectivetherapy.com\/de\/rct-behandlerinnen-praktikum\/#breadcrumb","itemListElement":[{"@type":"ListItem","position":1,"name":"Start","item":"https:\/\/www.reconnectivetherapy.com\/"},{"@type":"ListItem","position":2,"name":"RCT-BehandlerInnen-Praktikum"}]},{"@type":"WebSite","@id":"https:\/\/www.reconnectivetherapy.com\/#website","url":"https:\/\/www.reconnectivetherapy.com\/","name":"RCT - Reconnective Therapy | Kerstin Sch\u00f6n","description":"RCT - Reconnective Therapy | Kerstin Sch\u00f6n","potentialAction":[{"@type":"SearchAction","target":{"@type":"EntryPoint","urlTemplate":"https:\/\/www.reconnectivetherapy.com\/?s={search_term_string}"},"query-input":{"@type":"PropertyValueSpecification","valueRequired":true,"valueName":"search_term_string"}}],"inLanguage":"de"}]}},"_links":{"self":[{"href":"https:\/\/www.reconnectivetherapy.com\/de\/wp-json\/wp\/v2\/pages\/14182","targetHints":{"allow":["GET"]}}],"collection":[{"href":"https:\/\/www.reconnectivetherapy.com\/de\/wp-json\/wp\/v2\/pages"}],"about":[{"href":"https:\/\/www.reconnectivetherapy.com\/de\/wp-json\/wp\/v2\/types\/page"}],"author":[{"embeddable":true,"href":"https:\/\/www.reconnectivetherapy.com\/de\/wp-json\/wp\/v2\/users\/13"}],"replies":[{"embeddable":true,"href":"https:\/\/www.reconnectivetherapy.com\/de\/wp-json\/wp\/v2\/comments?post=14182"}],"version-history":[{"count":5,"href":"https:\/\/www.reconnectivetherapy.com\/de\/wp-json\/wp\/v2\/pages\/14182\/revisions"}],"predecessor-version":[{"id":14769,"href":"https:\/\/www.reconnectivetherapy.com\/de\/wp-json\/wp\/v2\/pages\/14182\/revisions\/14769"}],"wp:attachment":[{"href":"https:\/\/www.reconnectivetherapy.com\/de\/wp-json\/wp\/v2\/media?parent=14182"}],"curies":[{"name":"wp","href":"https:\/\/api.w.org\/{rel}","templated":true}]}}